{"id":244,"date":"2019-01-14T08:01:09","date_gmt":"2019-01-14T08:01:09","guid":{"rendered":"https:\/\/conter.es\/wp\/?page_id=244"},"modified":"2020-03-17T10:25:46","modified_gmt":"2020-03-17T10:25:46","slug":"aviso-legal-politica-de-privacidad-y-cookies","status":"publish","type":"page","link":"https:\/\/conter.es\/?page_id=244","title":{"rendered":"Aviso Legal"},"content":{"rendered":"\n<p>Esta p\u00e1gina Web es\npropiedad de CONTER (en adelante CONTER CONTROL DE ENERGIA, S.A.), con NIF n\u00ba A61392874\ny domicilio en <a>Centre d\u2019Empreses de\nNoves Tecnologies, 08290 Cerdanyola del Vall\u00e8s (Barcelona)<\/a> e Inscrita en el Registro Mercantil de Barcelona en el Tomo 29883, folio 161,\nhoja B n\u00ba 164199, Inscripci\u00f3n 1\u00aa.<\/p>\n\n\n\n<p>Para cualquier\nconsulta o propuesta, cont\u00e1ctenos llamando al tel\u00e9fono + 935 20 131 o en el\ne-mail <a href=\"mailto:info@conter.es\">info@conter.es<\/a> <\/p>\n\n\n\n<p>Esta p\u00e1gina Web se\nrige por la normativa exclusivamente aplicable en Espa\u00f1a, quedando sometida a\nella, tanto nacionales como extranjeros que utilicen esta Web.<\/p>\n\n\n\n<p>El acceso a nuestra\np\u00e1gina Web por parte del USUARIO es gratuito y est\u00e1 condicionado a la previa\nlectura y aceptaci\u00f3n \u00cdntegra, expresa y sin reservas de las presentes\nCONDICIONES GENERALES DE USO vigentes en el momento del acceso, que rogamos lea\ndetenidamente. El USUARIO en el momento que utiliza nuestro portal, sus\ncontenidos o servicios, acepta y se somete expresamente a las condiciones\ngenerales de uso del mismo. Si el usuario no estuviere de acuerdo con las\npresentes condiciones de uso, deber\u00e1 abstenerse de utilizar este portal y\noperar por medio del mismo.<\/p>\n\n\n\n<p>El suministro de\ndatos personales a trav\u00e9s de nuestro portal requiere una edad m\u00ednima de 14 a\u00f1os,\no en su caso, disponer de capacidad jur\u00eddica suficiente para contratar.<\/p>\n\n\n\n<p>En cualquier momento\npodremos modificar la presentaci\u00f3n y configuraci\u00f3n de nuestra Web, ampliar o\nreducir servicios, e incluso suprimirla de la Red, as\u00ed como los servicios y\ncontenidos prestados, todo ello de forma unilateral y sin previo aviso.<\/p>\n\n\n\n<p><strong>A.\nPROPIEDAD INTELECTUAL<\/strong><\/p>\n\n\n\n<p>Todos los contenidos,\ntextos, im\u00e1genes, y c\u00f3digos fuente son propiedad de CONTER o de terceros a los\nque se han adquirido sus derechos de explotaci\u00f3n, y est\u00e1n protegidos por los\nderechos de Propiedad Intelectual e Industrial.<\/p>\n\n\n\n<p>El usuario \u00fanicamente\ntiene derecho a un uso privado de los mismos, sin \u00e1nimo de lucro, y necesita\nautorizaci\u00f3n expresa para modificarlos, reproducirlos, explotarlos, distribuirlos\no ejercer cualquier derecho perteneciente a su titular.<\/p>\n\n\n\n<p>CONTER es una marca\nregistrada, y est\u00e1 prohibida su reproducci\u00f3n, imitaci\u00f3n, utilizaci\u00f3n o\ninserci\u00f3n de estas marcas sin nuestra debida autorizaci\u00f3n.<\/p>\n\n\n\n<p>El establecimiento de\nenlaces a nuestro portal no confiere ning\u00fan derecho sobre el mismo. Asimismo,\nel simple hecho de establecer un enlace a nuestra p\u00e1gina web no da derecho a\notorgarse la categor\u00eda de colaborador o socio.<\/p>\n\n\n\n<p>CONTER queda\nexonerado de responsabilidad por cualquier reclamaci\u00f3n respecto a los derechos\nde propiedad intelectual de los art\u00edculos e im\u00e1genes publicadas por terceros en\nsu portal.<\/p>\n\n\n\n<p>Est\u00e1 absolutamente prohibida la imitaci\u00f3n ya\nsea total o parcial de nuestro portal.<\/p>\n\n\n\n<p><strong>B.\nCONDICIONES DE ACCESO Y USO<\/strong><\/p>\n\n\n\n<p>El acceso a nuestra p\u00e1gina Web es gratuito y\nno exige suscripci\u00f3n o registro previo. <\/p>\n\n\n\n<p>El env\u00edo de datos personales implica la\naceptaci\u00f3n expresa por parte del USUARIO de nuestra pol\u00edtica de privacidad.<\/p>\n\n\n\n<p>El usuario debe acceder a nuestra p\u00e1gina Web\nconforme a la buena fe, las normas de orden p\u00fablico y a las presentes\nCondiciones Generales de uso. El acceso a nuestro sitio Web se realiza bajo la\npropia y exclusiva responsabilidad del usuario, que responder\u00e1 en todo caso de\nlos da\u00f1os y perjuicios que pueda causar a terceros o a nosotros mismos.<\/p>\n\n\n\n<p>El usuario tiene expresamente prohibida la\nutilizaci\u00f3n y obtenci\u00f3n de los servicios y contenidos ofrecidos en la presente\np\u00e1gina web, por procedimientos distintos a los estipulados en las presentes\ncondiciones de uso.<\/p>\n\n\n\n<p>El USUARIO tiene prohibido cualquier tipo de\nacci\u00f3n sobre nuestro portal que origine una excesiva sobrecarga de\nfuncionamiento a nuestros sistemas inform\u00e1ticos, as\u00ed como la introducci\u00f3n de\nvirus, o instalaci\u00f3n de robots, o software que altere el normal funcionamiento\nde nuestra web, o en definitiva pueda causar da\u00f1os a nuestros sistemas\ninform\u00e1ticos.<\/p>\n\n\n\n<p>Teniendo en cuenta la imposibilidad de\ncontrol respecto a la informaci\u00f3n, contenidos y servicios que contengan otras\np\u00e1ginas web a los que se pueda acceder a trav\u00e9s de los enlaces que nuestra\np\u00e1gina web pueda poner a su disposici\u00f3n, le comunicamos que CONTER, queda\neximida de cualquier responsabilidad por los da\u00f1os y perjuicios de toda clase\nque pudiesen derivar por la utilizaci\u00f3n de esas p\u00e1ginas web, ajenas a nuestra\nempresa, por parte del usuario. <\/p>\n\n\n\n<p>CONTER se reserva el derecho unilateral y sin\npreaviso de dar de baja a cualquier USUARIO que la organizaci\u00f3n entienda que ha\nvulnerado las condiciones que rigen el uso de nuestra p\u00e1gina web, sin que el\nUSUARIO tenga derecho a reclamaci\u00f3n de ning\u00fan tipo por este tipo de acciones.\nAsimismo, se reserva el derecho de ejercitar las acciones legales oportunas\ncontra aquellos que vulneren las presentes condiciones generales de uso,\naceptando el USUARIO que la no iniciaci\u00f3n de estas acciones no constituye una\nrenuncia formal a los mismas, permaneciendo \u00e9stas vigentes hasta los plazos\nlegales de prescripci\u00f3n de las infracciones.<\/p>\n\n\n\n<p><strong>C.\nPOL\u00cdTICA DE PRIVACIDAD<\/strong><\/p>\n\n\n\n<p>La confidencialidad y la seguridad son valores primordiales de CONTER y, en consecuencia, asumimos el compromiso\nde garantizar la privacidad del Usuario en todo momento y de no recabar\ninformaci\u00f3n innecesaria. <\/p>\n\n\n\n<p>El suministro de\ndatos personales a trav\u00e9s de nuestro portal requiere una edad m\u00ednima de 14 a\u00f1os\ny la aceptaci\u00f3n expresa de nuestra Pol\u00edtica de\nPrivacidad.<\/p>\n\n\n\n<p><strong>D.\nRESPONSABILIDADES<\/strong><\/p>\n\n\n\n<p>Al poner a disposici\u00f3n del usuario esta\np\u00e1gina Web queremos ofrecerle un servicio de calidad, utilizando la m\u00e1xima\ndiligencia en la prestaci\u00f3n del mismo, as\u00ed como en los medios tecnol\u00f3gicos\nutilizados. No obstante, no responderemos de la presencia de virus y otros\nelementos que de alg\u00fan modo puedan da\u00f1ar el sistema inform\u00e1tico del usuario. <\/p>\n\n\n\n<p>CONTER no garantiza que la disponibilidad del\nservicio sea continua e ininterrumpida, por circunstancias originadas por\nproblemas en la red de Internet, aver\u00edas en los dispositivos inform\u00e1ticos u\notras circunstancias imprevisibles, de manera que el USUARIO acepta soportar\ndentro de unos l\u00edmites razonables estas circunstancias, por lo que renuncia\nexpresamente a reclamar a CONTER cualquier responsabilidad por los posibles\nfallos, errores y uso del servicio.<\/p>\n\n\n\n<p>El USUARIO asume toda la responsabilidad\nderivada del uso de nuestra p\u00e1gina web, siendo el \u00fanico responsable de todo\nefecto directo o indirecto que sobre la p\u00e1gina web se derive, incluyendo, de\nforma enunciativa y no limitativa, todo resultado econ\u00f3mico, t\u00e9cnico y\/o\njur\u00eddico adverso, as\u00ed como la defraudaci\u00f3n de las expectativas generadas por\nnuestro portal, oblig\u00e1ndose el usuario a mantener indemne a CONTER por\ncualesquiera reclamaciones derivadas, directa o indirectamente de tales hechos.<\/p>\n\n\n\n<p>CONTER no garantiza la exactitud, veracidad y\nvigencia de los contenidos de esta p\u00e1gina web, ya sean propios, de terceros, o\nenlazables a otras webs, quedando totalmente exonerada de cualquier\nresponsabilidad derivada del uso de la mismos.<\/p>\n\n\n\n<p>CONTER queda exonerada de cualquier\nresponsabilidad derivada de cualquier reclamaci\u00f3n, incluido el pago de honorarios\na abogados, por las demandas y reclamaciones originadas por terceros por el\nincumplimiento por parte del USUARIO de nuestras condiciones de uso, acceso y\npol\u00edtica de privacidad, o cualquiera otra reclamaci\u00f3n por el incumplimiento de\nla legislaci\u00f3n vigente.<\/p>\n\n\n\n<p>El USUARIO reconoce que ha entendido toda la\ninformaci\u00f3n respecto a las condiciones de uso de nuestro portal, y reconoce que\nson suficientes para la exclusi\u00f3n del error en las mismas, y por lo tanto, las\nacepta integra y expresamente.<\/p>\n\n\n\n<p>El USUARIO es plenamente consciente de que la\nmera navegaci\u00f3n por la presente p\u00e1gina web, as\u00ed como la utilizaci\u00f3n de sus\nservicios, implica la aceptaci\u00f3n de las presentes condiciones de uso.<\/p>\n\n\n\n<p>Todo lo referente a nuestra p\u00e1gina web, se\nrige exclusivamente por las leyes espa\u00f1olas. En el caso de que se produzca\ncualquier tipo de discrepancia o diferencia entre las partes en relaci\u00f3n con la\ninterpretaci\u00f3n y contenido de la presente p\u00e1gina web, todas las partes se\nsometen, con renuncia expresa a cualquier otro fuero, a los Juzgados y\nTribunales de Cerdanyola del Vall\u00e8s. <\/p>\n\n\n\n<p><strong>E. VIGENCIA\nDE LAS CONDICIONES GENERALES DE ACCESO A LA WEB<\/strong><\/p>\n\n\n\n<p>Las presentes Condiciones Generales de Uso\nhan sido modificadas con fecha 14\/11\/2019. En cualquier momento podemos\nproceder a su modificaci\u00f3n: por favor, compruebe la fecha de emisi\u00f3n en cada\nocasi\u00f3n en que se conecte a nuestra p\u00e1gina Web y as\u00ed tendr\u00e1 la certeza de que\nno se ha producido modificaci\u00f3n alguna que le afecte.<\/p>\n\n\n\n<p>Para cualquier cuesti\u00f3n respecto a las\nCondiciones de Uso de nuestra p\u00e1gina web, puede ponerse en contacto con\nnosotros en los datos arriba indicados, o con Lant Abogados en info@lant-abogados.com\no en <a href=\"http:\/\/www.lant-abogados.com\/\">www.lant-abogados.com<\/a>.<\/p>\n\n\n<p><!--EndFragment--><\/p>","protected":false},"excerpt":{"rendered":"<p>Esta p\u00e1gina Web es propiedad de CONTER (en adelante CONTER CONTROL DE ENERGIA, S.A.), con NIF n\u00ba A61392874 y domicilio en Centre d\u2019Empreses de Noves Tecnologies, 08290 Cerdanyola del Vall\u00e8s (Barcelona) e Inscrita en el Registro Mercantil de Barcelona en el Tomo 29883, folio 161, hoja B n\u00ba 164199, Inscripci\u00f3n 1\u00aa. Para cualquier consulta o &hellip; <\/p>\n<p class=\"link-more\"><a href=\"https:\/\/conter.es\/?page_id=244\" class=\"more-link\">Continuar leyendo<span class=\"screen-reader-text\"> \u00abAviso Legal\u00bb<\/span><\/a><\/p>\n","protected":false},"author":1,"featured_media":0,"parent":0,"menu_order":0,"comment_status":"closed","ping_status":"closed","template":"","meta":{"footnotes":""},"class_list":["post-244","page","type-page","status-publish","hentry"],"_links":{"self":[{"href":"https:\/\/conter.es\/index.php?rest_route=\/wp\/v2\/pages\/244","targetHints":{"allow":["GET"]}}],"collection":[{"href":"https:\/\/conter.es\/index.php?rest_route=\/wp\/v2\/pages"}],"about":[{"href":"https:\/\/conter.es\/index.php?rest_route=\/wp\/v2\/types\/page"}],"author":[{"embeddable":true,"href":"https:\/\/conter.es\/index.php?rest_route=\/wp\/v2\/users\/1"}],"replies":[{"embeddable":true,"href":"https:\/\/conter.es\/index.php?rest_route=%2Fwp%2Fv2%2Fcomments&post=244"}],"version-history":[{"count":9,"href":"https:\/\/conter.es\/index.php?rest_route=\/wp\/v2\/pages\/244\/revisions"}],"predecessor-version":[{"id":616,"href":"https:\/\/conter.es\/index.php?rest_route=\/wp\/v2\/pages\/244\/revisions\/616"}],"wp:attachment":[{"href":"https:\/\/conter.es\/index.php?rest_route=%2Fwp%2Fv2%2Fmedia&parent=244"}],"curies":[{"name":"wp","href":"https:\/\/api.w.org\/{rel}","templated":true}]}}