{"id":3,"date":"2019-01-10T10:38:31","date_gmt":"2019-01-10T10:38:31","guid":{"rendered":"https:\/\/conter.es\/wp\/?page_id=3"},"modified":"2020-03-13T10:29:13","modified_gmt":"2020-03-13T10:29:13","slug":"privacy-policy","status":"publish","type":"page","link":"https:\/\/conter.es\/?page_id=3","title":{"rendered":"Pol\u00edtica de privacidad"},"content":{"rendered":"\n<p>La\nconfidencialidad y la seguridad son valores primordiales de CONTER y, en consecuencia, asumimos el\ncompromiso de garantizar la privacidad del Usuario en todo momento y de no\nrecabar informaci\u00f3n innecesaria. A continuaci\u00f3n, le proporcionamos toda la\ninformaci\u00f3n necesaria sobre nuestra Pol\u00edtica de Privacidad en relaci\u00f3n con los\ndatos personales que recabamos, explic\u00e1ndole:<\/p>\n\n\n\n<ul class=\"wp-block-list\"><li>Qui\u00e9n es el responsable del tratamiento de sus datos.<\/li><li>Para qu\u00e9 finalidades recabamos los datos que le solicitamos.<\/li><li>Cu\u00e1l es la legitimaci\u00f3n para su tratamiento.<\/li><li>Durante cu\u00e1nto tiempo los conservamos.<\/li><li>A qu\u00e9 destinatarios se comunican sus datos.<\/li><li>Cu\u00e1les\nson sus derechos.<\/li><li><strong>Responsable<\/strong>: <\/li><\/ul>\n\n\n\n<p>CONTER CONTROL DE\nENERGIA, S.A. (A61392874)<\/p>\n\n\n\n<p><a>Centre d\u2019Empreses de Noves Tecnologies<\/a><\/p>\n\n\n\n<p>08290 Cerdanyola del Vall\u00e8s (Barcelona)<\/p>\n\n\n\n<p><a href=\"mailto:info@conter.es\">info@conter.es<\/a><\/p>\n\n\n\n<ul class=\"wp-block-list\"><li><strong>Finalidades,\nlegitimaci\u00f3n y conservaci\u00f3n de los tratamientos de los datos enviados a trav\u00e9s\nde<\/strong>:<\/li><li>ENV\u00cdO\n     DE CORREOS ELECTR\u00d3NICOS.<\/li><\/ul>\n\n\n\n<p><strong>Finalidad:<\/strong> Contestar a sus\nsolicitudes de informaci\u00f3n, atender sus peticiones y responder sus consultas o\ndudas.&nbsp;&nbsp; <\/p>\n\n\n\n<p><strong>Legitimaci\u00f3n:<\/strong> El consentimiento\ndel usuario al solicitarnos informaci\u00f3n a trav\u00e9s de la direcci\u00f3n de correo\nelectr\u00f3nico.<\/p>\n\n\n\n<p><strong>Conservaci\u00f3n:<\/strong> Hasta una vez\ncontestada su petici\u00f3n por correo electr\u00f3nico, si no ha generado un nuevo\ntratamiento.<\/p>\n\n\n\n<ul class=\"wp-block-list\"><li>FORMULARIO\n     DE CONTACTO.<\/li><\/ul>\n\n\n\n<p><strong>Finalidad:<\/strong> Facilitarle un medio\npara que pueda ponerse en contacto con nosotros y contestar a sus solicitudes\nde informaci\u00f3n.<\/p>\n\n\n\n<p><strong>Legitimaci\u00f3n:<\/strong> El consentimiento\ndel usuario al solicitarnos informaci\u00f3n a trav\u00e9s de nuestro formulario de\ncontactos.<\/p>\n\n\n\n<p><strong>Conservaci\u00f3n:<\/strong> Hasta una vez\nresulta su solicitud por medio de nuestro formulario o contestada por correo\nelectr\u00f3nico, si no ha generado un nuevo tratamiento.<\/p>\n\n\n\n<ul class=\"wp-block-list\"><li>ENV\u00cdO\n     DEL CURR\u00cdCULUM VITAE POR CORREO ELECTR\u00d3NICO O MEDIANTE EL FORMULARIO APLICAR.<\/li><\/ul>\n\n\n\n<p><strong>Finalidad:<\/strong> Disponer de su\ncurr\u00edculum para participar en nuestros procesos de selecci\u00f3n de personal.<\/p>\n\n\n\n<p><strong>Legitimaci\u00f3n:<\/strong> El consentimiento del\nusuario al remitirnos su informaci\u00f3n personal y curr\u00edculum para nuestros\nprocesos de selecci\u00f3n de personal.<\/p>\n\n\n\n<p><strong>Conservaci\u00f3n:<\/strong> Durante el\ndesarrollo de los procesos de selecci\u00f3n de personal abiertos y durante 1 a\u00f1o\npara futuros procesos.<\/p>\n\n\n\n<p><strong>Obligaci\u00f3n\nde facilitarnos sus datos personales y consecuencias de no hacerlo.<\/strong><\/p>\n\n\n\n<p>El\nsuministro de datos personales requiere una edad m\u00ednima de 14 a\u00f1os, o en su\ncaso, disponer de capacidad jur\u00eddica suficiente para contratar.<\/p>\n\n\n\n<p>Los datos\npersonales solicitados son necesarios para gestionar sus solicitudes y\/o prestarle\nlos servicios que pueda contratar, por lo que, si no nos los facilita, no\npodremos atenderle correctamente ni prestarle el servicio que ha solicitado. <\/p>\n\n\n\n<ul class=\"wp-block-list\"><li><strong>Destinatarios de sus datos<\/strong><\/li><\/ul>\n\n\n\n<p>Sus datos son\nconfidenciales y no se ceder\u00e1n a terceros, salvo que exista obligaci\u00f3n legal.<\/p>\n\n\n\n<ul class=\"wp-block-list\"><li><strong>Derechos en relaci\u00f3n con sus datos personales<\/strong><\/li><\/ul>\n\n\n\n<p>Cualquier persona\npuede retirar su consentimiento en cualquier momento, cuando el mismo se haya\notorgado para el tratamiento de sus datos. En ning\u00fan caso, la retirada de este\nconsentimiento condiciona la ejecuci\u00f3n del contrato de suscripci\u00f3n o las\nrelaciones generadas con anterioridad.<\/p>\n\n\n\n<p>Igualmente, puede\nejercer los siguientes derechos:<\/p>\n\n\n\n<p>D\u00f3nde y\nc\u00f3mo solicitar sus Derechos: Mediante un escrito dirigido al responsable a su\ndirecci\u00f3n postal o electr\u00f3nica (indicadas en el apartado A), indicando la\nreferencia \u201cDatos Personales\u201d, especificando el derecho que se quiere ejercer y\nrespecto a qu\u00e9 datos personales.<\/p>\n\n\n\n<p>En caso de\ndivergencias con la empresa en relaci\u00f3n con el tratamiento de sus datos, puede\npresentar una reclamaci\u00f3n ante la Autoridad de Protecci\u00f3n de Datos (<a href=\"http:\/\/www.agpd.es\/\">www.agpd.es<\/a>).<\/p>\n\n\n\n<ul class=\"wp-block-list\"><li><strong>Seguridad de sus datos personales<\/strong><\/li><\/ul>\n\n\n\n<p>Con el objetivo de\nsalvaguardar la seguridad de sus datos personales, le informamos que hemos\nadoptado todas las medidas de \u00edndole t\u00e9cnica y organizativa necesarias para\ngarantizar la seguridad de los datos personales suministrados de su alteraci\u00f3n,\np\u00e9rdida, y tratamientos o accesos no autorizados.<\/p>\n\n\n\n<ul class=\"wp-block-list\"><li><strong>Actualizaci\u00f3n de sus datos<\/strong><\/li><\/ul>\n\n\n\n<p>Es importante que\npara que podamos mantener sus datos personales actualizados, nos informe\nsiempre que haya habido alguna modificaci\u00f3n en ellos, en caso contrario, no\nrespondemos de la veracidad de los mismos. <\/p>\n\n\n\n<p>No nos hacemos\nresponsables de la pol\u00edtica de privacidad respecto a los datos personales que pueda\nfacilitar a terceros por medio de los enlaces disponibles en nuestra p\u00e1gina\nweb.<\/p>\n\n\n\n<p>La presente Pol\u00edtica\nde Privacidad puede ser modificada para adaptarlas a los cambios que se\nproduzca en nuestra web, as\u00ed como modificaciones legislativas o jurisprudenciales\nsobre datos personales que vayan apareciendo, por lo que exige su lectura, cada\nvez que nos facilite sus datos a trav\u00e9s de esta Web.<\/p>\n","protected":false},"excerpt":{"rendered":"<p>La confidencialidad y la seguridad son valores primordiales de CONTER y, en consecuencia, asumimos el compromiso de garantizar la privacidad del Usuario en todo momento y de no recabar informaci\u00f3n innecesaria. A continuaci\u00f3n, le proporcionamos toda la informaci\u00f3n necesaria sobre nuestra Pol\u00edtica de Privacidad en relaci\u00f3n con los datos personales que recabamos, explic\u00e1ndole: Qui\u00e9n es &hellip; <\/p>\n<p class=\"link-more\"><a href=\"https:\/\/conter.es\/?page_id=3\" class=\"more-link\">Continuar leyendo<span class=\"screen-reader-text\"> \u00abPol\u00edtica de privacidad\u00bb<\/span><\/a><\/p>\n","protected":false},"author":1,"featured_media":0,"parent":0,"menu_order":0,"comment_status":"closed","ping_status":"open","template":"","meta":{"footnotes":""},"class_list":["post-3","page","type-page","status-publish","hentry"],"_links":{"self":[{"href":"https:\/\/conter.es\/index.php?rest_route=\/wp\/v2\/pages\/3","targetHints":{"allow":["GET"]}}],"collection":[{"href":"https:\/\/conter.es\/index.php?rest_route=\/wp\/v2\/pages"}],"about":[{"href":"https:\/\/conter.es\/index.php?rest_route=\/wp\/v2\/types\/page"}],"author":[{"embeddable":true,"href":"https:\/\/conter.es\/index.php?rest_route=\/wp\/v2\/users\/1"}],"replies":[{"embeddable":true,"href":"https:\/\/conter.es\/index.php?rest_route=%2Fwp%2Fv2%2Fcomments&post=3"}],"version-history":[{"count":2,"href":"https:\/\/conter.es\/index.php?rest_route=\/wp\/v2\/pages\/3\/revisions"}],"predecessor-version":[{"id":595,"href":"https:\/\/conter.es\/index.php?rest_route=\/wp\/v2\/pages\/3\/revisions\/595"}],"wp:attachment":[{"href":"https:\/\/conter.es\/index.php?rest_route=%2Fwp%2Fv2%2Fmedia&parent=3"}],"curies":[{"name":"wp","href":"https:\/\/api.w.org\/{rel}","templated":true}]}}